{"id":902,"date":"2021-03-22T16:04:25","date_gmt":"2021-03-22T15:04:25","guid":{"rendered":"http:\/\/rekyuarts.com\/marc\/?page_id=902"},"modified":"2021-06-16T15:52:41","modified_gmt":"2021-06-16T13:52:41","slug":"portes","status":"publish","type":"page","link":"https:\/\/rekyuarts.com\/marc\/portes\/","title":{"rendered":"Portes"},"content":{"rendered":"<p>[et_pb_section fb_built=\u00a0\u00bb1&Prime; _builder_version=\u00a0\u00bb4.9.2&Prime; _module_preset=\u00a0\u00bbdefault\u00a0\u00bb][et_pb_row _builder_version=\u00a0\u00bb4.9.2&Prime; _module_preset=\u00a0\u00bbdefault\u00a0\u00bb][et_pb_column type=\u00a0\u00bb4_4&Prime; _builder_version=\u00a0\u00bb4.9.2&Prime; _module_preset=\u00a0\u00bbdefault\u00a0\u00bb][et_pb_text _builder_version=\u00a0\u00bb4.9.2&Prime; _module_preset=\u00a0\u00bbdefault\u00a0\u00bb header_4_font=\u00a0\u00bb|700|||||||\u00a0\u00bb header_4_text_align=\u00a0\u00bbcenter\u00a0\u00bb text_orientation=\u00a0\u00bbcenter\u00a0\u00bb global_colors_info=\u00a0\u00bb{}\u00a0\u00bb]<\/p>\n<h4><span class=\"smalltitle\">\u00ab La Porte \u00bb<br \/>Projet de sculpture<br \/>Pornichet &#8211; juin 2001<\/span><\/h4>\n<p>[\/et_pb_text][et_pb_text _builder_version=\u00a0\u00bb4.9.2&Prime; _module_preset=\u00a0\u00bbdefault\u00a0\u00bb header_4_font=\u00a0\u00bb|700|||||||\u00a0\u00bb header_4_text_align=\u00a0\u00bbcenter\u00a0\u00bb global_colors_info=\u00a0\u00bb{}\u00a0\u00bb]<\/p>\n<div align=\"justify\">Nous sommes \u00e0 la moiti\u00e9 de l\u2019an 2001, et cela fait maintenant bient\u00f4t trois ans que je travaille sur l\u2019id\u00e9e de la porte, ou du passage&#8230; Cette recherche s\u2019inscrit dans une perspective toujours en cours et remonte \u00e0 1998, lorsque, cherchant la traduction plastique de l\u2019id\u00e9e du passage sans perforation de part en part d\u2019un bloc, j\u2019ai commenc\u00e9 par r\u00e9aliser une entaille&#8230; Depuis, l\u2019id\u00e9e du passage et la repr\u00e9sentation que je m\u2019en faisais a \u00e9volu\u00e9. J\u2019ai pu, au cours de ces ann\u00e9es en donner diff\u00e9rentes interpr\u00e9tations, interroger les formes de pierre et proposer plusieurs regards, dont les sculptures que j\u2019abandonne portent le t\u00e9moignage.<\/div>\n<p><span class=\"smalltitle\">\u00a0<\/span><\/p>\n<p>[\/et_pb_text][et_pb_image src=\u00a0\u00bbhttp:\/\/rekyuarts.com\/marc\/wp-content\/uploads\/2021\/03\/Sanstitre1.jpg\u00a0\u00bb title_text=\u00a0\u00bbSanstitre1&Prime; align=\u00a0\u00bbcenter\u00a0\u00bb _builder_version=\u00a0\u00bb4.9.2&Prime; _module_preset=\u00a0\u00bbdefault\u00a0\u00bb global_colors_info=\u00a0\u00bb{}\u00a0\u00bb][\/et_pb_image][et_pb_text _builder_version=\u00a0\u00bb4.9.2&Prime; _module_preset=\u00a0\u00bbdefault\u00a0\u00bb header_4_font=\u00a0\u00bb|700|||||||\u00a0\u00bb header_4_text_align=\u00a0\u00bbcenter\u00a0\u00bb global_colors_info=\u00a0\u00bb{}\u00a0\u00bb]<\/p>\n<h4>Les \u00ab petites portes \u00bb, 1998 &#8211; 1999.<\/h4>\n<p>[\/et_pb_text][et_pb_text _builder_version=\u00a0\u00bb4.9.2&Prime; _module_preset=\u00a0\u00bbdefault\u00a0\u00bb header_4_font=\u00a0\u00bb|700|||||||\u00a0\u00bb header_4_text_align=\u00a0\u00bbcenter\u00a0\u00bb global_colors_info=\u00a0\u00bb{}\u00a0\u00bb]<\/p>\n<p>Entaille, fente, cicatrice, ouverture &#8230; bien vite j\u2019ai cherch\u00e9, apr\u00e8s avoir r\u00e9alis\u00e9 une s\u00e9rie de sculptures comportant des entailles dans la pierre, \u00e0 \u00e9largir le passage. Naturellement, et en relation aussi avec la forme fonctionnelle de nos portes communes, c\u2019est au moyen d\u2019un rectangle que j\u2019ai continu\u00e9 \u00e0 creuser mon id\u00e9e, pour tenter de p\u00e9n\u00e9trer la pierre sans la traverser et r\u00e9aliser ainsi une nouvelle s\u00e9rie de sculptures, faites de rectangles ouverts dans des rectangles de pierre. Mais jusqu\u2019o\u00f9 fallait-il aller pour sugg\u00e9rer l\u2019id\u00e9e du passage sans percer de part en part, pour moi qui cr\u00e9ait des ouvertures symboliques de forme rectangulaire, inscrites au centre d\u2019autres formes rectangulaires \u00e9voquant elles-m\u00eames l\u2019id\u00e9e d\u2019une porte sans son encadrement ? L\u00e0 o\u00f9, pr\u00e9cis\u00e9ment, d\u2019ordinaire aurait du se trouver le vide, il y avait toujours de la mati\u00e8re !!<\/p>\n<p>\u00ab Interface, point de contact, passage&#8230; les petites portes, comme des ouvertures pratiqu\u00e9es dans l\u2019\u00e9piderme de la pierre d\u00e9voilent un derme en dessous, comme un apr\u00e8s, plus loin, l\u00e0-bas derri\u00e8re dans lequel chacun projettera sa magie, ses espoirs, ses attentes, son attrait pour les sens ou ses r\u00eaves de lendemains heureux, ses doutes et ses frayeurs&#8230; \u00bb. L\u2019an 2000, alors, \u00e9tait pour demain.<\/p>\n<p>[\/et_pb_text][et_pb_image src=\u00a0\u00bbhttp:\/\/rekyuarts.com\/marc\/wp-content\/uploads\/2021\/03\/Sanstitre2.jpg\u00a0\u00bb title_text=\u00a0\u00bbSanstitre2&Prime; align=\u00a0\u00bbcenter\u00a0\u00bb _builder_version=\u00a0\u00bb4.9.2&Prime; _module_preset=\u00a0\u00bbdefault\u00a0\u00bb global_colors_info=\u00a0\u00bb{}\u00a0\u00bb][\/et_pb_image][et_pb_text _builder_version=\u00a0\u00bb4.9.2&Prime; _module_preset=\u00a0\u00bbdefault\u00a0\u00bb header_4_font=\u00a0\u00bb|700|||||||\u00a0\u00bb header_4_text_align=\u00a0\u00bbcenter\u00a0\u00bb global_colors_info=\u00a0\u00bb{}\u00a0\u00bb]<\/p>\n<h4>\u00ab Trois pierres&#8230; \u00bb<\/h4>\n<p>[\/et_pb_text][et_pb_image src=\u00a0\u00bbhttp:\/\/rekyuarts.com\/marc\/wp-content\/uploads\/2021\/03\/3pierres3mil.jpg\u00a0\u00bb title_text=\u00a0\u00bb3pierres3mil\u00a0\u00bb align=\u00a0\u00bbcenter\u00a0\u00bb _builder_version=\u00a0\u00bb4.9.2&Prime; _module_preset=\u00a0\u00bbdefault\u00a0\u00bb global_colors_info=\u00a0\u00bb{}\u00a0\u00bb][\/et_pb_image][et_pb_text _builder_version=\u00a0\u00bb4.9.2&Prime; _module_preset=\u00a0\u00bbdefault\u00a0\u00bb header_4_font=\u00a0\u00bb|700|||||||\u00a0\u00bb header_4_text_align=\u00a0\u00bbcenter\u00a0\u00bb global_colors_info=\u00a0\u00bb{}\u00a0\u00bb]<\/p>\n<p>\u00ab Trois pierres, trois mill\u00e9naires \u00bb, sculpture en trois \u00e9l\u00e9ments de trois m\u00e8tres trente de hauteur, r\u00e9alis\u00e9e en granit et install\u00e9e \u00e0 Liffr\u00e9 en Ille &amp; Vilaine, a \u00e9t\u00e9 inaugur\u00e9e le 1er Janvier 2000. Le th\u00e8me \u00e9tait celui du passage&#8230; au troisi\u00e8me mill\u00e9naire. Ces trois \u00e9l\u00e9ments, distants d\u2019environ deux \u00e0 trois m\u00e8tres les uns des autres, sugg\u00e8rent une suite, une succession \u00e0 laquelle on pourrait imaginer adjoindre une quatri\u00e8me pierre, puis une cinqui\u00e8me et d\u2019autres encore, relatives aux si\u00e8cles et mill\u00e9naires \u00e0 venir ; mais c\u2019est aussi un passage, une porte encore, un seuil &#8211; celui donc du mill\u00e9naire naissant &#8211; que l\u2019on peut franchir symboliquement en traversant la ligne marqu\u00e9e au sol par les trois pi\u00e8ces en enfilade.<\/p>\n<p>A ce stade, ce qui m\u2019int\u00e9ressait, c\u2019\u00e9tait d\u2019imaginer que, pour p\u00e9n\u00e9trer \u00e0 l\u2019int\u00e9rieur et traverser une porte de pierre, un mur symbolique, il fallait soit percer &#8211; ce qui n\u2019\u00e9tait toujours pas mon propos &#8211; soit agrandir les proportions des atomes de pierre et donc des intervalles les s\u00e9parant sans changer moi-m\u00eame de taille ou, ce qui revient au m\u00eame, pouvoir r\u00e9duire ma propre taille ainsi que celle des passants de mani\u00e8re telle que nous parvenions ainsi r\u00e9duits \u00e0 traverser la pierre en empruntant les espaces compris entre les diff\u00e9rents constituants de la roche.<\/p>\n<p>Le passage, le franchissement par d\u00e9mat\u00e9rialisation, par annulation des contingences physiques ou liaisons chimiques, par r\u00e9duction des proportions ou dissolution, incorporation et autres remat\u00e9rialisations&#8230; telle \u00e9tait l\u2019id\u00e9e que je voulais mettre en avant concernant l\u2019id\u00e9e du passage : au traitement dans les trois directions constitutives de l\u2019espace math\u00e9matique (hauteur, largeur, profondeur), venait s\u2019ajouter la recherche d\u2019une sorte de consubstantialit\u00e9 de l\u2019\u00eatre et du moment, \u00e0 l\u2019instant T du franchissement.<\/p>\n<p>[\/et_pb_text][\/et_pb_column][\/et_pb_row][et_pb_row column_structure=\u00a0\u00bb1_2,1_2&Prime; _builder_version=\u00a0\u00bb4.9.2&Prime; _module_preset=\u00a0\u00bbdefault\u00a0\u00bb][et_pb_column type=\u00a0\u00bb1_2&Prime; _builder_version=\u00a0\u00bb4.9.2&Prime; _module_preset=\u00a0\u00bbdefault\u00a0\u00bb][et_pb_image src=\u00a0\u00bbhttp:\/\/rekyuarts.com\/marc\/wp-content\/uploads\/2021\/03\/3pierresdet1.jpg\u00a0\u00bb title_text=\u00a0\u00bb3pierresdet1&Prime; align=\u00a0\u00bbcenter\u00a0\u00bb _builder_version=\u00a0\u00bb4.9.2&Prime; _module_preset=\u00a0\u00bbdefault\u00a0\u00bb global_colors_info=\u00a0\u00bb{}\u00a0\u00bb][\/et_pb_image][\/et_pb_column][et_pb_column type=\u00a0\u00bb1_2&Prime; _builder_version=\u00a0\u00bb4.9.2&Prime; _module_preset=\u00a0\u00bbdefault\u00a0\u00bb][et_pb_image src=\u00a0\u00bbhttp:\/\/rekyuarts.com\/marc\/wp-content\/uploads\/2021\/03\/3pierresdet2.jpg\u00a0\u00bb title_text=\u00a0\u00bb3pierresdet2&Prime; align=\u00a0\u00bbcenter\u00a0\u00bb _builder_version=\u00a0\u00bb4.9.2&Prime; _module_preset=\u00a0\u00bbdefault\u00a0\u00bb global_colors_info=\u00a0\u00bb{}\u00a0\u00bb][\/et_pb_image][\/et_pb_column][\/et_pb_row][et_pb_row _builder_version=\u00a0\u00bb4.9.2&Prime; _module_preset=\u00a0\u00bbdefault\u00a0\u00bb][et_pb_column type=\u00a0\u00bb4_4&Prime; _builder_version=\u00a0\u00bb4.9.2&Prime; _module_preset=\u00a0\u00bbdefault\u00a0\u00bb][et_pb_text _builder_version=\u00a0\u00bb4.9.2&Prime; _module_preset=\u00a0\u00bbdefault\u00a0\u00bb header_4_font=\u00a0\u00bb|700|||||||\u00a0\u00bb header_4_text_align=\u00a0\u00bbcenter\u00a0\u00bb global_colors_info=\u00a0\u00bb{}\u00a0\u00bb]<\/p>\n<h4>\u00ab Le Passage \u00bb<\/h4>\n<p>[\/et_pb_text][et_pb_image src=\u00a0\u00bbhttp:\/\/rekyuarts.com\/marc\/wp-content\/uploads\/2021\/03\/Passage.jpg\u00a0\u00bb title_text=\u00a0\u00bbPassage\u00a0\u00bb align=\u00a0\u00bbcenter\u00a0\u00bb _builder_version=\u00a0\u00bb4.9.2&Prime; _module_preset=\u00a0\u00bbdefault\u00a0\u00bb global_colors_info=\u00a0\u00bb{}\u00a0\u00bb][\/et_pb_image][et_pb_text _builder_version=\u00a0\u00bb4.9.2&Prime; _module_preset=\u00a0\u00bbdefault\u00a0\u00bb header_4_font=\u00a0\u00bb|700|||||||\u00a0\u00bb header_4_text_align=\u00a0\u00bbcenter\u00a0\u00bb global_colors_info=\u00a0\u00bb{}\u00a0\u00bb]<\/p>\n<p>J\u2019ai pu r\u00e9aliser une autre porte dans le courant de l\u2019ann\u00e9e 2000, \u00e0 B\u00e9d\u00e9e, pr\u00e8s de Monfort. Cette fois avec l\u2019aide d\u2019enfants de cycle 3. Apr\u00e8s r\u00e9flexion, l\u2019id\u00e9e des trois colonnes de pierre a \u00e9t\u00e9 retenue, et m\u00eame multipli\u00e9e par deux. Deux murs fictifs, constitu\u00e9s chacun de trois \u00e9l\u00e9ments verticaux ind\u00e9pendants mis cote \u00e0 cote, align\u00e9s au sol suivant le trac\u00e9 des deux barres d\u2019un V tr\u00e8s largement ouvert, laissent libre en leur centre un espace permettant le passage. Dans l\u2019alignement de ce centre et en avant, dans le sens d\u00e9sign\u00e9 par la pointe du V, se trouve une fen\u00eatre ouverte mais \u00e9troite, constitu\u00e9e d\u2019un appui, de deux montants hauts et d\u2019un linteau.<\/p>\n<p>Ici, on ne passe pas au travers d\u2019une partie du mur, comme pr\u00e9c\u00e9demment, mais entre ses deux parties distantes d\u2019un bon m\u00e8tre, apr\u00e8s avoir observ\u00e9 au travers de l\u2019ouverture en fen\u00eatre l\u2019axe, ou la r\u00e9alit\u00e9 m\u00eame du passage.<\/p>\n<p>Et s\u2019il n\u2019y a pas d\u2019apport suppl\u00e9mentaire en terme de repr\u00e9sentation ou de pr\u00e9sentation du lieu du passage, l\u2019accent est mis sur la perception et la conscience de cet espace r\u00e9sultant d\u2019une s\u00e9paration ou d\u2019une ouverture pratiqu\u00e9e dans la continuit\u00e9 de la mati\u00e8re et du temps, vue au travers d\u2019une fente \u00e9troite comme sous l\u2019action d\u2019un microscope qui agrandi l\u2019image et focalise notre regard&#8230;<\/p>\n<p>[\/et_pb_text][et_pb_text _builder_version=\u00a0\u00bb4.9.2&Prime; _module_preset=\u00a0\u00bbdefault\u00a0\u00bb header_4_font=\u00a0\u00bb|700|||||||\u00a0\u00bb header_4_text_align=\u00a0\u00bbcenter\u00a0\u00bb global_colors_info=\u00a0\u00bb{}\u00a0\u00bb]<\/p>\n<h4>Locus V, La porte du Sidobre<\/h4>\n<p>[\/et_pb_text][et_pb_image src=\u00a0\u00bbhttp:\/\/rekyuarts.com\/marc\/wp-content\/uploads\/2021\/03\/locusVdet.jpg\u00a0\u00bb title_text=\u00a0\u00bblocusVdet\u00a0\u00bb align=\u00a0\u00bbcenter\u00a0\u00bb _builder_version=\u00a0\u00bb4.9.2&Prime; _module_preset=\u00a0\u00bbdefault\u00a0\u00bb global_colors_info=\u00a0\u00bb{}\u00a0\u00bb][\/et_pb_image][et_pb_text _builder_version=\u00a0\u00bb4.9.2&Prime; _module_preset=\u00a0\u00bbdefault\u00a0\u00bb header_4_font=\u00a0\u00bb|700|||||||\u00a0\u00bb header_4_text_align=\u00a0\u00bbcenter\u00a0\u00bb custom_padding=\u00a0\u00bb||0px|||\u00a0\u00bb global_colors_info=\u00a0\u00bb{}\u00a0\u00bb]<\/p>\n<p>Pour \u00ab Locus V, La porte du Sidobre \u00bb, sculpture de 3 m\u00e8tres de hauteur r\u00e9alis\u00e9e en granit gris du Tarn \u00e0 Castres en juin 2000, il s\u2019agissait plus d \u2019application en improvisation libre, c\u2019est \u00e0 dire d\u2019un projet ouvert \u00e0 l\u2019int\u00e9rieur d\u2019un cadre connu. A la forme des petites portes, de nombreuses fois r\u00e9p\u00e9t\u00e9e, s\u2019ajoutait la dimension du monumental et la relation au site g\u00e9ographique, aux param\u00e8tres li\u00e9s \u00e0 l\u2019exercice du symposium. Le r\u00e9sultat, moins soucieux d\u2019approfondir ou d\u2019\u00e9largir le passage, s\u2019attache \u00e0 amplifier l\u2019id\u00e9e d\u2019arriv\u00e9e et de d\u00e9parts par une sorte d\u2019appel au voyage imaginaire :<\/p>\n<p>\u00ab &#8230; Une porte, la Porte du Sidobre. Un parall\u00e9l\u00e9pip\u00e8de en d\u00e9saxe lat\u00e9ral et frontal, au milieu duquel est signifi\u00e9e une ouverture qui, d\u00e9voilant l\u2019int\u00e9rieur, met en contact ce qui est dedans et ce qui est dehors, \u00e9voque par analogie et en les distinguant ce qui f\u00fbt avant de ce qui viendra demain, s\u00e9pare ici-bas de l\u2019au-del\u00e0. Un ensemble de reliefs et de formes circulaires, aux traitements, \u00e0 la composition et aux dimensions variables, parcourt la face et le profil de la pi\u00e8ce. Cupules, boutons, mamelons, sph\u00e8res aplaties d\u00e9crivent une configuration topographique ou c\u00e9leste imaginaire, appellent au voyage, au passage. Il existe d\u2019autres portes similaires, variations sur le th\u00e8me : la sculpture comme t\u00e9moin des d\u00e9parts et des arriv\u00e9es &#8230; la mati\u00e8re m\u00eame du passe- muraille \u00bb.<\/p>\n<p>Loin de permettre le passage physique, c\u2019est par la reproduction de formes similaires et la diss\u00e9mination g\u00e9ographique de ses repr\u00e9sentations que s\u2019effectue ici l\u2019\u00e9vocation du d\u00e9placement. Untel, et c\u2019est mon cas, qui se retrouverait successivement confront\u00e9 devant chacune des portes (s\u00e9par\u00e9es les unes des autres par plusieurs centaines de kilom\u00e8tres) \u00e0 l\u2019id\u00e9e r\u00e9currente du passage, pourrait bien s\u2019imaginer franchir un seuil fictif pour ressortir ailleurs, mettant pour cela entre parenth\u00e8ses la r\u00e9alit\u00e9 physique et temporelle de sa condition humaine entre deux regards, pour ne retenir, comme au sortir d\u2019un r\u00eave ou d\u2019une absence, que la permanence du symbole et la pr\u00e9gnance de cet appel au d\u00e9placement dans l\u2019espace &#8230; Illusion d\u2019ubiquit\u00e9, incorporation de l\u2019\u00eatre en pens\u00e9e \u00e0 l\u2019id\u00e9e m\u00eame de voyage &#8230;<\/p>\n<p>[\/et_pb_text][et_pb_text _builder_version=\u00a0\u00bb4.9.2&Prime; _module_preset=\u00a0\u00bbdefault\u00a0\u00bb header_4_font=\u00a0\u00bb|700|||||||\u00a0\u00bb header_4_text_align=\u00a0\u00bbcenter\u00a0\u00bb hover_enabled=\u00a0\u00bb0&Prime; global_colors_info=\u00a0\u00bb{}\u00a0\u00bb sticky_enabled=\u00a0\u00bb0&Prime;]<\/p>\n<h4>Locus VII,<br \/>une nouvelle porte en Loire Atlantique&#8230;<\/h4>\n<h4><\/h4>\n<h4>Le projet est une porte.Porte en trois points.<br \/>Mais,<br \/>Pas de ces trois points que r\u00e9clame une assurance, non :<br \/>trois points d\u2019ouverture..<br \/>La premi\u00e8re porte \u00e0 mon sens,<br \/>la moins visible,<br \/>est au point P d\u2019ouverture sur l\u2019instant.<br \/>A l\u2019instant T du contact.<br \/>La seconde ouvre sur le ciel :<br \/>Deux bras se dressent,<br \/>Le flot coule entre et sort..<br \/>La troisi\u00e8me plonge ses pieds dans la terre.<br \/>Est-ce la porte d\u2019un sanctuaire ?<br \/>Non, c\u2019est la porte d\u2019une cave..<br \/>C\u2019est aussi celle de notre m\u00e9moire.<\/h4>\n<p>[\/et_pb_text][et_pb_image src=\u00a0\u00bbhttp:\/\/rekyuarts.com\/marc\/wp-content\/uploads\/2021\/03\/maquettegypse.jpg\u00a0\u00bb title_text=\u00a0\u00bbmaquettegypse\u00a0\u00bb align=\u00a0\u00bbcenter\u00a0\u00bb _builder_version=\u00a0\u00bb4.9.2&Prime; _module_preset=\u00a0\u00bbdefault\u00a0\u00bb global_colors_info=\u00a0\u00bb{}\u00a0\u00bb][\/et_pb_image][et_pb_text _builder_version=\u00a0\u00bb4.9.2&Prime; _module_preset=\u00a0\u00bbdefault\u00a0\u00bb header_4_font=\u00a0\u00bb|700|||||||\u00a0\u00bb header_4_text_align=\u00a0\u00bbcenter\u00a0\u00bb text_orientation=\u00a0\u00bbcenter\u00a0\u00bb global_colors_info=\u00a0\u00bb{}\u00a0\u00bb]<\/p>\n<p>3 maisons &#8211; Etude 16 cm, Gypse &#8211; 1999<\/p>\n<p>[\/et_pb_text][et_pb_text _builder_version=\u00a0\u00bb4.9.2&Prime; _module_preset=\u00a0\u00bbdefault\u00a0\u00bb header_4_font=\u00a0\u00bb|700|||||||\u00a0\u00bb header_4_text_align=\u00a0\u00bbcenter\u00a0\u00bb text_orientation=\u00a0\u00bbcenter\u00a0\u00bb global_colors_info=\u00a0\u00bb{}\u00a0\u00bb]<\/p>\n<p>Dans le projet que je souhaite r\u00e9aliser, l\u2019id\u00e9e d\u2019ouverture se d\u00e9place encore &#8230; Au d\u00e9part il y a un bloc.<\/p>\n<p>[\/et_pb_text][et_pb_image src=\u00a0\u00bbhttp:\/\/rekyuarts.com\/marc\/wp-content\/uploads\/2021\/03\/1.jpg\u00a0\u00bb title_text=\u00a0\u00bb1&Prime; align=\u00a0\u00bbcenter\u00a0\u00bb _builder_version=\u00a0\u00bb4.9.2&Prime; _module_preset=\u00a0\u00bbdefault\u00a0\u00bb global_colors_info=\u00a0\u00bb{}\u00a0\u00bb][\/et_pb_image][et_pb_text _builder_version=\u00a0\u00bb4.9.2&Prime; _module_preset=\u00a0\u00bbdefault\u00a0\u00bb header_4_font=\u00a0\u00bb|700|||||||\u00a0\u00bb header_4_text_align=\u00a0\u00bbcenter\u00a0\u00bb text_orientation=\u00a0\u00bbcenter\u00a0\u00bb global_colors_info=\u00a0\u00bb{}\u00a0\u00bb]<\/p>\n<p>Fendu en deux, il subira une premi\u00e8re ouverture.<\/p>\n<p>[\/et_pb_text][et_pb_image src=\u00a0\u00bbhttp:\/\/rekyuarts.com\/marc\/wp-content\/uploads\/2021\/03\/2.jpg\u00a0\u00bb title_text=\u00a0\u00bb2&Prime; align=\u00a0\u00bbcenter\u00a0\u00bb _builder_version=\u00a0\u00bb4.9.2&Prime; _module_preset=\u00a0\u00bbdefault\u00a0\u00bb global_colors_info=\u00a0\u00bb{}\u00a0\u00bb][\/et_pb_image][et_pb_text _builder_version=\u00a0\u00bb4.9.2&Prime; _module_preset=\u00a0\u00bbdefault\u00a0\u00bb header_4_font=\u00a0\u00bb|700|||||||\u00a0\u00bb header_4_text_align=\u00a0\u00bbcenter\u00a0\u00bb text_orientation=\u00a0\u00bbcenter\u00a0\u00bb global_colors_info=\u00a0\u00bb{}\u00a0\u00bb]<\/p>\n<p>Mises bout \u00e0 bout, ses deux parties recevront une seconde ouverture,<br \/>\u00e0 la mani\u00e8re de celle pratiqu\u00e9e dans les petites portes de pierre.<\/p>\n<p>[\/et_pb_text][\/et_pb_column][\/et_pb_row][et_pb_row column_structure=\u00a0\u00bb1_2,1_2&Prime; _builder_version=\u00a0\u00bb4.9.2&Prime; _module_preset=\u00a0\u00bbdefault\u00a0\u00bb][et_pb_column type=\u00a0\u00bb1_2&Prime; _builder_version=\u00a0\u00bb4.9.2&Prime; _module_preset=\u00a0\u00bbdefault\u00a0\u00bb][et_pb_image src=\u00a0\u00bbhttp:\/\/rekyuarts.com\/marc\/wp-content\/uploads\/2021\/03\/3.jpg\u00a0\u00bb title_text=\u00a0\u00bb3&Prime; align=\u00a0\u00bbcenter\u00a0\u00bb _builder_version=\u00a0\u00bb4.9.2&Prime; _module_preset=\u00a0\u00bbdefault\u00a0\u00bb global_colors_info=\u00a0\u00bb{}\u00a0\u00bb][\/et_pb_image][\/et_pb_column][et_pb_column type=\u00a0\u00bb1_2&Prime; _builder_version=\u00a0\u00bb4.9.2&Prime; _module_preset=\u00a0\u00bbdefault\u00a0\u00bb][et_pb_image src=\u00a0\u00bbhttp:\/\/rekyuarts.com\/marc\/wp-content\/uploads\/2021\/03\/4.jpg\u00a0\u00bb title_text=\u00a0\u00bb4&Prime; align=\u00a0\u00bbcenter\u00a0\u00bb _builder_version=\u00a0\u00bb4.9.2&Prime; _module_preset=\u00a0\u00bbdefault\u00a0\u00bb global_colors_info=\u00a0\u00bb{}\u00a0\u00bb][\/et_pb_image][\/et_pb_column][\/et_pb_row][et_pb_row _builder_version=\u00a0\u00bb4.9.2&Prime; _module_preset=\u00a0\u00bbdefault\u00a0\u00bb][et_pb_column type=\u00a0\u00bb4_4&Prime; _builder_version=\u00a0\u00bb4.9.2&Prime; _module_preset=\u00a0\u00bbdefault\u00a0\u00bb][et_pb_text _builder_version=\u00a0\u00bb4.9.2&Prime; _module_preset=\u00a0\u00bbdefault\u00a0\u00bb header_4_font=\u00a0\u00bb|700|||||||\u00a0\u00bb header_4_text_align=\u00a0\u00bbcenter\u00a0\u00bb text_orientation=\u00a0\u00bbcenter\u00a0\u00bb global_colors_info=\u00a0\u00bb{}\u00a0\u00bb]<\/p>\n<p>Puis les deux parties s\u00e9par\u00e9es seront recompos\u00e9es, apr\u00e8s avoir \u00e9t\u00e9 retourn\u00e9es et<br \/>invers\u00e9es, de sorte que d\u2019une fente et d\u2019un d\u00e9but d\u2019ouverture r\u00e9sultera l\u2019id\u00e9e d\u2019une porte<br \/>monumentale ouverte en trois points.<\/p>\n<p>[\/et_pb_text][et_pb_image src=\u00a0\u00bbhttp:\/\/rekyuarts.com\/marc\/wp-content\/uploads\/2021\/03\/5.jpg\u00a0\u00bb title_text=\u00a0\u00bb5&Prime; align=\u00a0\u00bbcenter\u00a0\u00bb _builder_version=\u00a0\u00bb4.9.2&Prime; _module_preset=\u00a0\u00bbdefault\u00a0\u00bb global_colors_info=\u00a0\u00bb{}\u00a0\u00bb][\/et_pb_image][et_pb_text _builder_version=\u00a0\u00bb4.9.2&Prime; _module_preset=\u00a0\u00bbdefault\u00a0\u00bb header_4_font=\u00a0\u00bb|700|||||||\u00a0\u00bb header_4_text_align=\u00a0\u00bbcenter\u00a0\u00bb text_orientation=\u00a0\u00bbcenter\u00a0\u00bb global_colors_info=\u00a0\u00bb{}\u00a0\u00bb]<\/p>\n<p>De ces trois points, l\u2019un, manifeste au moment de sa mise en place, se situera dans<br \/>cet espace minime et comprim\u00e9 au point de contact des deux blocs de plus de deux tonnes<br \/>chacun, dissimul\u00e9 mais bien pr\u00e9sent par sa sp\u00e9cificit\u00e9 de discontinuit\u00e9 dans la mati\u00e8re.<\/p>\n<p>[\/et_pb_text][et_pb_image src=\u00a0\u00bbhttp:\/\/rekyuarts.com\/marc\/wp-content\/uploads\/2021\/03\/instantT_grosplan.jpg\u00a0\u00bb title_text=\u00a0\u00bbinstantT_grosplan\u00a0\u00bb align=\u00a0\u00bbcenter\u00a0\u00bb _builder_version=\u00a0\u00bb4.9.2&Prime; _module_preset=\u00a0\u00bbdefault\u00a0\u00bb global_colors_info=\u00a0\u00bb{}\u00a0\u00bb][\/et_pb_image][et_pb_text _builder_version=\u00a0\u00bb4.9.2&Prime; _module_preset=\u00a0\u00bbdefault\u00a0\u00bb header_4_font=\u00a0\u00bb|700|||||||\u00a0\u00bb header_4_text_align=\u00a0\u00bbcenter\u00a0\u00bb global_colors_info=\u00a0\u00bb{}\u00a0\u00bb]<\/p>\n<p>Les deux autres, r\u00e9sultant chacun de la demi-partie de la seconde ouverture seront dirig\u00e9s l\u2019un vers le haut, l\u2019autre vers le bas. Et s&rsquo;ils font bien r\u00e9f\u00e9rence aux ouvertures symboliques pratiqu\u00e9es \u00e0 la surface des petites portes, par comparaison avec ces derni\u00e8res ils s\u2019ouvrent plus encore en direction des espaces appel\u00e9s par la construction de leurs lignes : ils proposent, ainsi, une nouvelle lecture de nos hiers ou de nos lendemains, non plus dans l\u2019\u00e9paisseur mais, comme dans la tradition d\u2019une symbolique plus universelle, en direction du ciel et des temps \u00e0 venir, de m\u00eame que vers la terre, qui porte en elle le souvenir de nos racines et de notre pass\u00e9 &#8230;<\/p>\n<p>[\/et_pb_text][et_pb_image src=\u00a0\u00bbhttp:\/\/rekyuarts.com\/marc\/wp-content\/uploads\/2021\/03\/blocfendus.jpg\u00a0\u00bb title_text=\u00a0\u00bbblocfendus\u00a0\u00bb align=\u00a0\u00bbcenter\u00a0\u00bb _builder_version=\u00a0\u00bb4.9.2&Prime; _module_preset=\u00a0\u00bbdefault\u00a0\u00bb global_colors_info=\u00a0\u00bb{}\u00a0\u00bb][\/et_pb_image][et_pb_text _builder_version=\u00a0\u00bb4.9.2&Prime; _module_preset=\u00a0\u00bbdefault\u00a0\u00bb header_4_font=\u00a0\u00bb|700|||||||\u00a0\u00bb header_4_text_align=\u00a0\u00bbcenter\u00a0\u00bb global_colors_info=\u00a0\u00bb{}\u00a0\u00bb]<\/p>\n<p>Quant \u00e0 nous, ce ne sera plus devant que nous devrons appara\u00eetre pour penser au voyage comme \u00e0 notre condition, mais dedans, au coeur ouvert de la pierre. Projet\u00e9s dans cet espace devenu presque invisible et plan que l\u2019on devinera situ\u00e9 \u00e0 mi hauteur (\u00e0 la mani\u00e8re d\u2019un curseur indicateur de notre pr\u00e9sence, le long d\u2019une \u00e9chelle chronologique ou physique imaginaire), nous aurons \u00e0 m\u00e9diter sur le sens \u00e0 donner \u00e0 cette frange d\u2019espace compress\u00e9 dans laquelle nous vivons. Pour rester libre de nos mouvements et d\u00e9terminer ce qui existe, en nous, entre ce qui nous oriente et ce qui nous fonde&#8230;<\/p>\n<p>[\/et_pb_text][et_pb_image src=\u00a0\u00bbhttp:\/\/rekyuarts.com\/marc\/wp-content\/uploads\/2021\/03\/3maisonsface.jpg\u00a0\u00bb title_text=\u00a0\u00bb3maisonsface\u00a0\u00bb align=\u00a0\u00bbcenter\u00a0\u00bb _builder_version=\u00a0\u00bb4.9.2&Prime; _module_preset=\u00a0\u00bbdefault\u00a0\u00bb global_colors_info=\u00a0\u00bb{}\u00a0\u00bb][\/et_pb_image][et_pb_text _builder_version=\u00a0\u00bb4.9.2&Prime; _module_preset=\u00a0\u00bbdefault\u00a0\u00bb header_4_font=\u00a0\u00bb|700|||||||\u00a0\u00bb header_4_text_align=\u00a0\u00bbcenter\u00a0\u00bb text_orientation=\u00a0\u00bbcenter\u00a0\u00bb global_colors_info=\u00a0\u00bb{}\u00a0\u00bb]<\/p>\n<p>\u00ab\u00a0Trois maisons\u00a0\u00bb, Pornichet &#8211; juin 2001 \/ Bazouges la P\u00e9rouse &#8211; 2005<br \/>Granit bleu de Lanh\u00e9lin &#8211; environ 2,60 m\u00e8tres &#8211; 4 tonnes<\/p>\n<p>[\/et_pb_text][et_pb_image src=\u00a0\u00bbhttp:\/\/rekyuarts.com\/marc\/wp-content\/uploads\/2021\/03\/3Maisons.jpg\u00a0\u00bb title_text=\u00a0\u00bb3Maisons\u00a0\u00bb align=\u00a0\u00bbcenter\u00a0\u00bb _builder_version=\u00a0\u00bb4.9.2&Prime; _module_preset=\u00a0\u00bbdefault\u00a0\u00bb global_colors_info=\u00a0\u00bb{}\u00a0\u00bb][\/et_pb_image][et_pb_text _builder_version=\u00a0\u00bb4.9.2&Prime; _module_preset=\u00a0\u00bbdefault\u00a0\u00bb header_4_font=\u00a0\u00bb|700|||||||\u00a0\u00bb header_4_text_align=\u00a0\u00bbcenter\u00a0\u00bb text_orientation=\u00a0\u00bbcenter\u00a0\u00bb global_colors_info=\u00a0\u00bb{}\u00a0\u00bb]<\/p>\n<p>\u00ab\u00a0Trois maisons\u00a0\u00bb, Pornichet &#8211; juin 2001<\/p>\n<p>[\/et_pb_text][et_pb_text _builder_version=\u00a0\u00bb4.9.2&Prime; _module_preset=\u00a0\u00bbdefault\u00a0\u00bb header_4_font=\u00a0\u00bb|700|||||||\u00a0\u00bb header_4_text_align=\u00a0\u00bbcenter\u00a0\u00bb global_colors_info=\u00a0\u00bb{}\u00a0\u00bb]<\/p>\n<h4>Entre deux regards,<br \/>un bloc,<br \/>une fente&#8230;<br \/>Puis deux blocs,<br \/>une ouverture&#8230;<br \/>Un ensemble recompos\u00e9,<br \/>trois ouvertures&#8230;<br \/>ce sont les<br \/>3 Maisons<br \/>qui m&rsquo;habitent<br \/>et dans lesquelles je demeure&#8230;<\/h4>\n<p>[\/et_pb_text][et_pb_image src=\u00a0\u00bbhttp:\/\/rekyuarts.com\/marc\/wp-content\/uploads\/2021\/03\/3Maisonsbascentre.jpg\u00a0\u00bb title_text=\u00a0\u00bb3Maisonsbascentre\u00a0\u00bb align=\u00a0\u00bbcenter\u00a0\u00bb _builder_version=\u00a0\u00bb4.9.2&Prime; _module_preset=\u00a0\u00bbdefault\u00a0\u00bb hover_enabled=\u00a0\u00bb0&Prime; global_colors_info=\u00a0\u00bb{}\u00a0\u00bb custom_padding=\u00a0\u00bb||0px|||\u00a0\u00bb sticky_enabled=\u00a0\u00bb0&Prime; max_height=\u00a0\u00bb168px\u00a0\u00bb][\/et_pb_image][\/et_pb_column][\/et_pb_row][\/et_pb_section]<\/p>\n","protected":false},"excerpt":{"rendered":"<p>\u00ab La Porte \u00bbProjet de sculpturePornichet &#8211; juin 2001Nous sommes \u00e0 la moiti\u00e9 de l\u2019an 2001, et cela fait maintenant bient\u00f4t trois ans que je travaille sur l\u2019id\u00e9e de la porte, ou du passage&#8230; Cette recherche s\u2019inscrit dans une perspective toujours en cours et remonte \u00e0 1998, lorsque, cherchant la traduction plastique de l\u2019id\u00e9e du [&hellip;]<\/p>\n","protected":false},"author":1,"featured_media":0,"parent":0,"menu_order":0,"comment_status":"closed","ping_status":"closed","template":"","meta":{"_et_pb_use_builder":"on","_et_pb_old_content":"","_et_gb_content_width":"","footnotes":""},"class_list":["post-902","page","type-page","status-publish","hentry"],"_links":{"self":[{"href":"https:\/\/rekyuarts.com\/marc\/wp-json\/wp\/v2\/pages\/902","targetHints":{"allow":["GET"]}}],"collection":[{"href":"https:\/\/rekyuarts.com\/marc\/wp-json\/wp\/v2\/pages"}],"about":[{"href":"https:\/\/rekyuarts.com\/marc\/wp-json\/wp\/v2\/types\/page"}],"author":[{"embeddable":true,"href":"https:\/\/rekyuarts.com\/marc\/wp-json\/wp\/v2\/users\/1"}],"replies":[{"embeddable":true,"href":"https:\/\/rekyuarts.com\/marc\/wp-json\/wp\/v2\/comments?post=902"}],"version-history":[{"count":4,"href":"https:\/\/rekyuarts.com\/marc\/wp-json\/wp\/v2\/pages\/902\/revisions"}],"predecessor-version":[{"id":949,"href":"https:\/\/rekyuarts.com\/marc\/wp-json\/wp\/v2\/pages\/902\/revisions\/949"}],"wp:attachment":[{"href":"https:\/\/rekyuarts.com\/marc\/wp-json\/wp\/v2\/media?parent=902"}],"curies":[{"name":"wp","href":"https:\/\/api.w.org\/{rel}","templated":true}]}}